{"version":"1.0","provider_name":"SFPT\u00fcrkiye","provider_url":"https:\/\/sfpturkiye.com\/blog","title":"1 May\u0131s \u0130\u015f\u00e7i ve Emek\u00e7i Bayram\u0131n\u0131z Kutlu Olsun! - SFPT\u00fcrkiye","type":"rich","width":600,"height":338,"html":"<blockquote class=\"wp-embedded-content\"><a href=\"https:\/\/sfpturkiye.com\/blog\/1-mayis-isci-ve-emekci-bayraminiz-kutlu-olsun\/\">1 May\u0131s \u0130\u015f\u00e7i ve Emek\u00e7i Bayram\u0131n\u0131z Kutlu Olsun!<\/a><\/blockquote>\n<script type='text\/javascript'>\n<!--\/\/--><![CDATA[\/\/><!--\n\t\t\/*! This file is auto-generated *\/\n\t\t!function(c,d){\"use strict\";var e=!1,n=!1;if(d.querySelector)if(c.addEventListener)e=!0;if(c.wp=c.wp||{},!c.wp.receiveEmbedMessage)if(c.wp.receiveEmbedMessage=function(e){var t=e.data;if(t)if(t.secret||t.message||t.value)if(!\/[^a-zA-Z0-9]\/.test(t.secret)){for(var r,a,i,s=d.querySelectorAll('iframe[data-secret=\"'+t.secret+'\"]'),n=d.querySelectorAll('blockquote[data-secret=\"'+t.secret+'\"]'),o=0;o<n.length;o++)n[o].style.display=\"none\";for(o=0;o<s.length;o++)if(r=s[o],e.source===r.contentWindow){if(r.removeAttribute(\"style\"),\"height\"===t.message){if(1e3<(i=parseInt(t.value,10)))i=1e3;else if(~~i<200)i=200;r.height=i}if(\"link\"===t.message)if(a=d.createElement(\"a\"),i=d.createElement(\"a\"),a.href=r.getAttribute(\"src\"),i.href=t.value,i.host===a.host)if(d.activeElement===r)c.top.location.href=t.value}}},e)c.addEventListener(\"message\",c.wp.receiveEmbedMessage,!1),d.addEventListener(\"DOMContentLoaded\",t,!1),c.addEventListener(\"load\",t,!1);function t(){if(!n){n=!0;for(var e,t,r=-1!==navigator.appVersion.indexOf(\"MSIE 10\"),a=!!navigator.userAgent.match(\/Trident.*rv:11\\.\/),i=d.querySelectorAll(\"iframe.wp-embedded-content\"),s=0;s<i.length;s++){if(!(e=i[s]).getAttribute(\"data-secret\"))t=Math.random().toString(36).substr(2,10),e.src+=\"#?secret=\"+t,e.setAttribute(\"data-secret\",t);if(r||a)(t=e.cloneNode(!0)).removeAttribute(\"security\"),e.parentNode.replaceChild(t,e)}}}}(window,document);\n\/\/--><!]]>\n<\/script><iframe sandbox=\"allow-scripts\" security=\"restricted\" src=\"https:\/\/sfpturkiye.com\/blog\/1-mayis-isci-ve-emekci-bayraminiz-kutlu-olsun\/embed\/\" width=\"600\" height=\"338\" title=\"&#8220;1 May\u0131s \u0130\u015f\u00e7i ve Emek\u00e7i Bayram\u0131n\u0131z Kutlu Olsun!&#8221; &#8212; SFPT\u00fcrkiye\" frameborder=\"0\" marginwidth=\"0\" marginheight=\"0\" scrolling=\"no\" class=\"wp-embedded-content\"><\/iframe>","thumbnail_url":"https:\/\/sfpturkiye.com\/blog\/wp-content\/uploads\/2025\/04\/1-Mayis_Emek-ve-Dayanisma-Bayrami.jpg","thumbnail_width":1080,"thumbnail_height":1080,"description":"Al\u0131n teriyle hizmet verip \u00fcretime ve hayata de\u011fer katan, eme\u011fiyle hayat\u0131n her alan\u0131n\u0131 \u015fekillendiren t\u00fcm \u00e7al\u0131\u015fanlar\u0131n 1 May\u0131s \u0130\u015f\u00e7i ve Emek\u00e7i Bayram\u0131\u2019n\u0131 en i\u00e7ten dileklerimizle kutlar\u0131z. Emek, s\u00fcrd\u00fcr\u00fclebilir kalk\u0131nman\u0131n ve g\u00fc\u00e7l\u00fc yar\u0131nlar\u0131n en temel yap\u0131 ta\u015f\u0131d\u0131r. Biz de bu bilin\u00e7le, sekt\u00f6r\u00fcm\u00fcze katk\u0131 sunmaya ve de\u011fer \u00fcretmeye kararl\u0131l\u0131kla devam ediyoruz."}